{"id":12,"date":"2026-01-13T16:53:47","date_gmt":"2026-01-13T19:53:47","guid":{"rendered":"http:\/\/sindguardasbh.org.br\/?page_id=12"},"modified":"2026-01-21T14:41:42","modified_gmt":"2026-01-21T17:41:42","slug":"noticias","status":"publish","type":"page","link":"https:\/\/sindguardasbh.org.br\/index.php\/noticias\/","title":{"rendered":"NOT\u00cdCIAS GCMBH"},"content":{"rendered":"<form role=\"search\" method=\"get\" action=\"https:\/\/sindguardasbh.org.br\/\" class=\"wp-block-search__button-outside wp-block-search__text-button wp-block-search\"    ><label class=\"wp-block-search__label\" for=\"wp-block-search__input-1\" >Pesquisar<\/label><div class=\"wp-block-search__inside-wrapper\" ><input class=\"wp-block-search__input\" id=\"wp-block-search__input-1\" placeholder=\"\" value=\"\" type=\"search\" name=\"s\" required \/><button aria-label=\"Pesquisar\" class=\"wp-block-search__button wp-element-button\" type=\"submit\" >Pesquisar<\/button><\/div><\/form>\n\n<ul class=\"wp-block-latest-posts__list is-grid columns-3 has-dates has-link-color wp-elements-0724ab11fba5ce654a27007ac4d3c28c wp-block-latest-posts\"><li><div class=\"wp-block-latest-posts__featured-image\"><img loading=\"lazy\" decoding=\"async\" width=\"240\" height=\"300\" src=\"https:\/\/sindguardasbh.org.br\/wp-content\/uploads\/2026\/07\/pesquisaFormacao-240x300.png\" class=\"attachment-medium size-medium wp-post-image\" alt=\"\" style=\"\" srcset=\"https:\/\/sindguardasbh.org.br\/wp-content\/uploads\/2026\/07\/pesquisaFormacao-240x300.png 240w, https:\/\/sindguardasbh.org.br\/wp-content\/uploads\/2026\/07\/pesquisaFormacao-819x1024.png 819w, https:\/\/sindguardasbh.org.br\/wp-content\/uploads\/2026\/07\/pesquisaFormacao-768x960.png 768w, https:\/\/sindguardasbh.org.br\/wp-content\/uploads\/2026\/07\/pesquisaFormacao.png 1080w\" sizes=\"auto, (max-width: 240px) 100vw, 240px\" \/><\/div><a class=\"wp-block-latest-posts__post-title\" href=\"https:\/\/sindguardasbh.org.br\/index.php\/2026\/07\/29\/sindguardas-bh-lanca-pesquisa-para-mapear-formacao-academica-dos-guardas-civis-de-belo-horizonte\/\">SINDGUARDAS-BH lan\u00e7a pesquisa para mapear forma\u00e7\u00e3o acad\u00eamica dos Guardas Civis de Belo Horizonte<\/a><time datetime=\"2026-07-29T11:12:59-03:00\" class=\"wp-block-latest-posts__post-date\">29 de July de 2026<\/time><div class=\"wp-block-latest-posts__post-excerpt\">Levantamento busca identificar cursos ainda n\u00e3o contemplados na Progress\u00e3o por Escolaridade e produzir dados t\u00e9cnicos para subsidiar propostas de amplia\u00e7\u00e3o do rol de forma\u00e7\u00f5es O SINDGUARDAS-BH, por meio da Diretoria de Forma\u00e7\u00e3o, Pesquisa e Estudos, inicia uma importante pesquisa junto aos Guardas Civis Municipais de Belo Horizonte para conhecer a forma\u00e7\u00e3o acad\u00eamica da categoria e identificar cursos que possam possuir relev\u00e2ncia para as atividades desempenhadas na GCMBH, mas que ainda n\u00e3o estejam contemplados, ou cuja abrang\u00eancia possa ser ampliada, para\u2026 <a class=\"wp-block-latest-posts__read-more\" href=\"https:\/\/sindguardasbh.org.br\/index.php\/2026\/07\/29\/sindguardas-bh-lanca-pesquisa-para-mapear-formacao-academica-dos-guardas-civis-de-belo-horizonte\/\" rel=\"noopener noreferrer\">Read more<span class=\"screen-reader-text\">: SINDGUARDAS-BH lan\u00e7a pesquisa para mapear forma\u00e7\u00e3o acad\u00eamica dos Guardas Civis de Belo Horizonte<\/span><\/a><\/div><\/li>\n<li><div class=\"wp-block-latest-posts__featured-image\"><img loading=\"lazy\" decoding=\"async\" width=\"300\" height=\"300\" src=\"https:\/\/sindguardasbh.org.br\/wp-content\/uploads\/2026\/07\/fenaguardas_Sindguardas-300x300.png\" class=\"attachment-medium size-medium wp-post-image\" alt=\"\" style=\"\" srcset=\"https:\/\/sindguardasbh.org.br\/wp-content\/uploads\/2026\/07\/fenaguardas_Sindguardas-300x300.png 300w, https:\/\/sindguardasbh.org.br\/wp-content\/uploads\/2026\/07\/fenaguardas_Sindguardas-150x150.png 150w, https:\/\/sindguardasbh.org.br\/wp-content\/uploads\/2026\/07\/fenaguardas_Sindguardas-768x768.png 768w, https:\/\/sindguardasbh.org.br\/wp-content\/uploads\/2026\/07\/fenaguardas_Sindguardas.png 1024w\" sizes=\"auto, (max-width: 300px) 100vw, 300px\" \/><\/div><a class=\"wp-block-latest-posts__post-title\" href=\"https:\/\/sindguardasbh.org.br\/index.php\/2026\/07\/22\/sindguardas-bh-agora-e-fenaguardas-mais-forca-para-bh-no-cenario-nacional\/\">SINDGUARDAS-BH AGORA \u00c9 FENAGUARDAS: MAIS FOR\u00c7A PARA BH NO CEN\u00c1RIO NACIONAL!<\/a><time datetime=\"2026-07-22T13:34:15-03:00\" class=\"wp-block-latest-posts__post-date\">22 de July de 2026<\/time><div class=\"wp-block-latest-posts__post-excerpt\">O SINDGUARDAS-BH d\u00e1 mais um importante passo no fortalecimento da representa\u00e7\u00e3o dos Guardas Civis Municipais de Belo Horizonte. A partir de agora, nosso Sindicato passa a integrar oficialmente a FENAGUARDAS \u2013 Federa\u00e7\u00e3o Nacional dos Sindicatos dos Guardas Municipais. Essa filia\u00e7\u00e3o significa ampliar nossa capacidade de articula\u00e7\u00e3o, representa\u00e7\u00e3o e defesa da categoria para al\u00e9m de Belo Horizonte. As pautas que impactam nossa carreira n\u00e3o est\u00e3o apenas no \u00e2mbito municipal. Muitas decis\u00f5es fundamentais passam pelo Congresso Nacional, Governo Federal, Poder Judici\u00e1rio e\u2026 <a class=\"wp-block-latest-posts__read-more\" href=\"https:\/\/sindguardasbh.org.br\/index.php\/2026\/07\/22\/sindguardas-bh-agora-e-fenaguardas-mais-forca-para-bh-no-cenario-nacional\/\" rel=\"noopener noreferrer\">Read more<span class=\"screen-reader-text\">: SINDGUARDAS-BH AGORA \u00c9 FENAGUARDAS: MAIS FOR\u00c7A PARA BH NO CEN\u00c1RIO NACIONAL!<\/span><\/a><\/div><\/li>\n<li><div class=\"wp-block-latest-posts__featured-image\"><img loading=\"lazy\" decoding=\"async\" width=\"240\" height=\"300\" src=\"https:\/\/sindguardasbh.org.br\/wp-content\/uploads\/2026\/07\/0906-as-11h-2-240x300.png\" class=\"attachment-medium size-medium wp-post-image\" alt=\"\" style=\"\" srcset=\"https:\/\/sindguardasbh.org.br\/wp-content\/uploads\/2026\/07\/0906-as-11h-2-240x300.png 240w, https:\/\/sindguardasbh.org.br\/wp-content\/uploads\/2026\/07\/0906-as-11h-2-819x1024.png 819w, https:\/\/sindguardasbh.org.br\/wp-content\/uploads\/2026\/07\/0906-as-11h-2-768x960.png 768w, https:\/\/sindguardasbh.org.br\/wp-content\/uploads\/2026\/07\/0906-as-11h-2.png 1080w\" sizes=\"auto, (max-width: 240px) 100vw, 240px\" \/><\/div><a class=\"wp-block-latest-posts__post-title\" href=\"https:\/\/sindguardasbh.org.br\/index.php\/2026\/07\/06\/sindguardas-bh-comemora-1-ano-de-historia-com-sorteio-especial-para-filiados\/\">Sindguardas-BH comemora 1 ano de hist\u00f3ria com sorteio especial para filiados<\/a><time datetime=\"2026-07-06T17:46:39-03:00\" class=\"wp-block-latest-posts__post-date\">6 de July de 2026<\/time><div class=\"wp-block-latest-posts__post-excerpt\">Sindicato celebra seu primeiro anivers\u00e1rio refor\u00e7ando o compromisso com a valoriza\u00e7\u00e3o e representatividade dos Guardas Civis Municipais de Belo Horizonte O Sindguardas-BH (Sindicato dos Guardas Civis Municipais de Belo Horizonte) completa seu primeiro ano de trajet\u00f3ria celebrando uma hist\u00f3ria constru\u00edda com muito trabalho, uni\u00e3o e compromisso com a categoria. Criado pela categoria e para a categoria, o Sindguardas-BH nasceu com o prop\u00f3sito de fortalecer a representatividade dos Guardas Civis Municipais de Belo Horizonte, atuando na defesa dos direitos, na busca\u2026 <a class=\"wp-block-latest-posts__read-more\" href=\"https:\/\/sindguardasbh.org.br\/index.php\/2026\/07\/06\/sindguardas-bh-comemora-1-ano-de-historia-com-sorteio-especial-para-filiados\/\" rel=\"noopener noreferrer\">Read more<span class=\"screen-reader-text\">: Sindguardas-BH comemora 1 ano de hist\u00f3ria com sorteio especial para filiados<\/span><\/a><\/div><\/li>\n<\/ul>\n\n<p class=\"wp-block-tag-cloud\"><a href=\"https:\/\/sindguardasbh.org.br\/index.php\/tag\/4o-congresso-nacional\/\" class=\"tag-cloud-link tag-link-88 tag-link-position-1\" style=\"font-size: 8pt;\" aria-label=\"4\u00ba Congresso Nacional (1 item)\">4\u00ba Congresso Nacional<\/a>\n<a href=\"https:\/\/sindguardasbh.org.br\/index.php\/tag\/antonio-neto\/\" class=\"tag-cloud-link tag-link-84 tag-link-position-2\" style=\"font-size: 8pt;\" aria-label=\"Antonio Neto (1 item)\">Antonio Neto<\/a>\n<a href=\"https:\/\/sindguardasbh.org.br\/index.php\/tag\/apreensao-de-drogas\/\" class=\"tag-cloud-link tag-link-11 tag-link-position-3\" style=\"font-size: 15.5675675676pt;\" aria-label=\"Apreens\u00e3o de Drogas (4 items)\">Apreens\u00e3o de Drogas<\/a>\n<a href=\"https:\/\/sindguardasbh.org.br\/index.php\/tag\/auxilio-fardamento\/\" class=\"tag-cloud-link tag-link-102 tag-link-position-4\" style=\"font-size: 8pt;\" aria-label=\"Aux\u00edlio Fardamento (1 item)\">Aux\u00edlio Fardamento<\/a>\n<a href=\"https:\/\/sindguardasbh.org.br\/index.php\/tag\/campanha-salarial-2026\/\" class=\"tag-cloud-link tag-link-48 tag-link-position-5\" style=\"font-size: 11.4054054054pt;\" aria-label=\"Campanha Salarial 2026 (2 items)\">Campanha Salarial 2026<\/a>\n<a href=\"https:\/\/sindguardasbh.org.br\/index.php\/tag\/central-dos-sindicatos-brasileiros\/\" class=\"tag-cloud-link tag-link-71 tag-link-position-6\" style=\"font-size: 8pt;\" aria-label=\"Central dos Sindicatos Brasileiros (1 item)\">Central dos Sindicatos Brasileiros<\/a>\n<a href=\"https:\/\/sindguardasbh.org.br\/index.php\/tag\/convencao-151-da-oit\/\" class=\"tag-cloud-link tag-link-91 tag-link-position-7\" style=\"font-size: 8pt;\" aria-label=\"Conven\u00e7\u00e3o 151 da OIT (1 item)\">Conven\u00e7\u00e3o 151 da OIT<\/a>\n<a href=\"https:\/\/sindguardasbh.org.br\/index.php\/tag\/csb\/\" class=\"tag-cloud-link tag-link-70 tag-link-position-8\" style=\"font-size: 8pt;\" aria-label=\"CSB (1 item)\">CSB<\/a>\n<a href=\"https:\/\/sindguardasbh.org.br\/index.php\/tag\/denuncia-sindicato\/\" class=\"tag-cloud-link tag-link-66 tag-link-position-9\" style=\"font-size: 8pt;\" aria-label=\"Den\u00fancia Sindicato (1 item)\">Den\u00fancia Sindicato<\/a>\n<a href=\"https:\/\/sindguardasbh.org.br\/index.php\/tag\/destravamento-dos-niveis\/\" class=\"tag-cloud-link tag-link-105 tag-link-position-10\" style=\"font-size: 8pt;\" aria-label=\"Destravamento dos N\u00edveis (1 item)\">Destravamento dos N\u00edveis<\/a>\n<a href=\"https:\/\/sindguardasbh.org.br\/index.php\/tag\/direitos-dos-guardas-municipais\/\" class=\"tag-cloud-link tag-link-109 tag-link-position-11\" style=\"font-size: 8pt;\" aria-label=\"Direitos dos Guardas Municipais (1 item)\">Direitos dos Guardas Municipais<\/a>\n<a href=\"https:\/\/sindguardasbh.org.br\/index.php\/tag\/encontro-nacional\/\" class=\"tag-cloud-link tag-link-85 tag-link-position-12\" style=\"font-size: 8pt;\" aria-label=\"Encontro Nacional (1 item)\">Encontro Nacional<\/a>\n<a href=\"https:\/\/sindguardasbh.org.br\/index.php\/tag\/federacao-dos-servidores-municipais-do-estado-de-minas-gerais\/\" class=\"tag-cloud-link tag-link-81 tag-link-position-13\" style=\"font-size: 8pt;\" aria-label=\"Federa\u00e7\u00e3o dos Servidores Municipais do Estado de Minas Gerais (1 item)\">Federa\u00e7\u00e3o dos Servidores Municipais do Estado de Minas Gerais<\/a>\n<a href=\"https:\/\/sindguardasbh.org.br\/index.php\/tag\/fenaguardas\/\" class=\"tag-cloud-link tag-link-72 tag-link-position-14\" style=\"font-size: 8pt;\" aria-label=\"FENAGUARDAS (1 item)\">FENAGUARDAS<\/a>\n<a href=\"https:\/\/sindguardasbh.org.br\/index.php\/tag\/fesmig\/\" class=\"tag-cloud-link tag-link-74 tag-link-position-15\" style=\"font-size: 8pt;\" aria-label=\"FESMIG (1 item)\">FESMIG<\/a>\n<a href=\"https:\/\/sindguardasbh.org.br\/index.php\/tag\/fim-da-escala-6x1\/\" class=\"tag-cloud-link tag-link-90 tag-link-position-16\" style=\"font-size: 8pt;\" aria-label=\"Fim da escala 6x1 (1 item)\">Fim da escala 6&#215;1<\/a>\n<a href=\"https:\/\/sindguardasbh.org.br\/index.php\/tag\/ferias-premio\/\" class=\"tag-cloud-link tag-link-103 tag-link-position-17\" style=\"font-size: 8pt;\" aria-label=\"F\u00e9rias-Pr\u00eamio (1 item)\">F\u00e9rias-Pr\u00eamio<\/a>\n<a href=\"https:\/\/sindguardasbh.org.br\/index.php\/tag\/gcmbh\/\" class=\"tag-cloud-link tag-link-6 tag-link-position-18\" style=\"font-size: 22pt;\" aria-label=\"GCMBH (10 items)\">GCMBH<\/a>\n<a href=\"https:\/\/sindguardasbh.org.br\/index.php\/tag\/geesp\/\" class=\"tag-cloud-link tag-link-14 tag-link-position-19\" style=\"font-size: 11.4054054054pt;\" aria-label=\"GEESP (2 items)\">GEESP<\/a>\n<a href=\"https:\/\/sindguardasbh.org.br\/index.php\/tag\/guarda-civil-municipal\/\" class=\"tag-cloud-link tag-link-26 tag-link-position-20\" style=\"font-size: 11.4054054054pt;\" aria-label=\"Guarda Civil Municipal (2 items)\">Guarda Civil Municipal<\/a>\n<a href=\"https:\/\/sindguardasbh.org.br\/index.php\/tag\/guarda-civil-municipal-de-belo-horizonte\/\" class=\"tag-cloud-link tag-link-7 tag-link-position-21\" style=\"font-size: 17.0810810811pt;\" aria-label=\"Guarda Civil Municipal de Belo Horizonte (5 items)\">Guarda Civil Municipal de Belo Horizonte<\/a>\n<a href=\"https:\/\/sindguardasbh.org.br\/index.php\/tag\/guarda-municipal-bh\/\" class=\"tag-cloud-link tag-link-47 tag-link-position-22\" style=\"font-size: 13.6756756757pt;\" aria-label=\"Guarda Municipal BH (3 items)\">Guarda Municipal BH<\/a>\n<a href=\"https:\/\/sindguardasbh.org.br\/index.php\/tag\/hely-aires-da-silva\/\" class=\"tag-cloud-link tag-link-82 tag-link-position-23\" style=\"font-size: 8pt;\" aria-label=\"Hely Aires da Silva (1 item)\">Hely Aires da Silva<\/a>\n<a href=\"https:\/\/sindguardasbh.org.br\/index.php\/tag\/juliana-guaraldo-diniz\/\" class=\"tag-cloud-link tag-link-83 tag-link-position-24\" style=\"font-size: 8pt;\" aria-label=\"Juliana Guaraldo Diniz (1 item)\">Juliana Guaraldo Diniz<\/a>\n<a href=\"https:\/\/sindguardasbh.org.br\/index.php\/tag\/lucas-neves\/\" class=\"tag-cloud-link tag-link-65 tag-link-position-25\" style=\"font-size: 8pt;\" aria-label=\"Lucas Neves (1 item)\">Lucas Neves<\/a>\n<a href=\"https:\/\/sindguardasbh.org.br\/index.php\/tag\/lucas-perdigao-neves\/\" class=\"tag-cloud-link tag-link-80 tag-link-position-26\" style=\"font-size: 8pt;\" aria-label=\"Lucas Perdig\u00e3o Neves (1 item)\">Lucas Perdig\u00e3o Neves<\/a>\n<a href=\"https:\/\/sindguardasbh.org.br\/index.php\/tag\/mobilizacao-sindical\/\" class=\"tag-cloud-link tag-link-106 tag-link-position-27\" style=\"font-size: 8pt;\" aria-label=\"Mobiliza\u00e7\u00e3o Sindical (1 item)\">Mobiliza\u00e7\u00e3o Sindical<\/a>\n<a href=\"https:\/\/sindguardasbh.org.br\/index.php\/tag\/negociacao-salarial\/\" class=\"tag-cloud-link tag-link-45 tag-link-position-28\" style=\"font-size: 11.4054054054pt;\" aria-label=\"Negocia\u00e7\u00e3o Salarial (2 items)\">Negocia\u00e7\u00e3o Salarial<\/a>\n<a href=\"https:\/\/sindguardasbh.org.br\/index.php\/tag\/organizacao-internacional-do-trabalho\/\" class=\"tag-cloud-link tag-link-92 tag-link-position-29\" style=\"font-size: 8pt;\" aria-label=\"Organiza\u00e7\u00e3o Internacional do Trabalho (1 item)\">Organiza\u00e7\u00e3o Internacional do Trabalho<\/a>\n<a href=\"https:\/\/sindguardasbh.org.br\/index.php\/tag\/pec-18\/\" class=\"tag-cloud-link tag-link-110 tag-link-position-30\" style=\"font-size: 8pt;\" aria-label=\"PEC 18 (1 item)\">PEC 18<\/a>\n<a href=\"https:\/\/sindguardasbh.org.br\/index.php\/tag\/plano-de-carreira\/\" class=\"tag-cloud-link tag-link-100 tag-link-position-31\" style=\"font-size: 8pt;\" aria-label=\"Plano de Carreira (1 item)\">Plano de Carreira<\/a>\n<a href=\"https:\/\/sindguardasbh.org.br\/index.php\/tag\/prefeitura-de-belo-horizonte\/\" class=\"tag-cloud-link tag-link-57 tag-link-position-32\" style=\"font-size: 11.4054054054pt;\" aria-label=\"Prefeitura de Belo Horizonte (2 items)\">Prefeitura de Belo Horizonte<\/a>\n<a href=\"https:\/\/sindguardasbh.org.br\/index.php\/tag\/progressao-por-escolaridade\/\" class=\"tag-cloud-link tag-link-101 tag-link-position-33\" style=\"font-size: 8pt;\" aria-label=\"Progress\u00e3o por Escolaridade (1 item)\">Progress\u00e3o por Escolaridade<\/a>\n<a href=\"https:\/\/sindguardasbh.org.br\/index.php\/tag\/prorrogacao-de-mandatos\/\" class=\"tag-cloud-link tag-link-86 tag-link-position-34\" style=\"font-size: 8pt;\" aria-label=\"Prorroga\u00e7\u00e3o de mandatos (1 item)\">Prorroga\u00e7\u00e3o de mandatos<\/a>\n<a href=\"https:\/\/sindguardasbh.org.br\/index.php\/tag\/reducao-da-jornada-de-trabalho\/\" class=\"tag-cloud-link tag-link-89 tag-link-position-35\" style=\"font-size: 8pt;\" aria-label=\"Redu\u00e7\u00e3o da jornada de trabalho (1 item)\">Redu\u00e7\u00e3o da jornada de trabalho<\/a>\n<a href=\"https:\/\/sindguardasbh.org.br\/index.php\/tag\/representatividade-sindical\/\" class=\"tag-cloud-link tag-link-108 tag-link-position-36\" style=\"font-size: 8pt;\" aria-label=\"Representatividade Sindical (1 item)\">Representatividade Sindical<\/a>\n<a href=\"https:\/\/sindguardasbh.org.br\/index.php\/tag\/seguranca-do-trabalho\/\" class=\"tag-cloud-link tag-link-56 tag-link-position-37\" style=\"font-size: 11.4054054054pt;\" aria-label=\"Seguran\u00e7a do Trabalho (2 items)\">Seguran\u00e7a do Trabalho<\/a>\n<a href=\"https:\/\/sindguardasbh.org.br\/index.php\/tag\/seguranca-publica\/\" class=\"tag-cloud-link tag-link-9 tag-link-position-38\" style=\"font-size: 18.4054054054pt;\" aria-label=\"Seguran\u00e7a P\u00fablica (6 items)\">Seguran\u00e7a P\u00fablica<\/a>\n<a href=\"https:\/\/sindguardasbh.org.br\/index.php\/tag\/servidores-municipais\/\" class=\"tag-cloud-link tag-link-104 tag-link-position-39\" style=\"font-size: 8pt;\" aria-label=\"Servidores Municipais (1 item)\">Servidores Municipais<\/a>\n<a href=\"https:\/\/sindguardasbh.org.br\/index.php\/tag\/sindguardas-bh-2\/\" class=\"tag-cloud-link tag-link-43 tag-link-position-40\" style=\"font-size: 17.0810810811pt;\" aria-label=\"Sindguardas-BH (5 items)\">Sindguardas-BH<\/a>\n<a href=\"https:\/\/sindguardasbh.org.br\/index.php\/tag\/sindicato-dos-guardas-municipais\/\" class=\"tag-cloud-link tag-link-107 tag-link-position-41\" style=\"font-size: 8pt;\" aria-label=\"Sindicato dos Guardas Municipais (1 item)\">Sindicato dos Guardas Municipais<\/a>\n<a href=\"https:\/\/sindguardasbh.org.br\/index.php\/tag\/sindiguardas-belo-horizonte-mg\/\" class=\"tag-cloud-link tag-link-79 tag-link-position-42\" style=\"font-size: 8pt;\" aria-label=\"Sindiguardas Belo Horizonte-MG (1 item)\">Sindiguardas Belo Horizonte-MG<\/a>\n<a href=\"https:\/\/sindguardasbh.org.br\/index.php\/tag\/sao-paulo\/\" class=\"tag-cloud-link tag-link-87 tag-link-position-43\" style=\"font-size: 8pt;\" aria-label=\"S\u00e3o Paulo (1 item)\">S\u00e3o Paulo<\/a>\n<a href=\"https:\/\/sindguardasbh.org.br\/index.php\/tag\/trafico-de-drogas\/\" class=\"tag-cloud-link tag-link-10 tag-link-position-44\" style=\"font-size: 13.6756756757pt;\" aria-label=\"Tr\u00e1fico de Drogas (3 items)\">Tr\u00e1fico de Drogas<\/a>\n<a href=\"https:\/\/sindguardasbh.org.br\/index.php\/tag\/valorizacao-profissional\/\" class=\"tag-cloud-link tag-link-49 tag-link-position-45\" style=\"font-size: 11.4054054054pt;\" aria-label=\"Valoriza\u00e7\u00e3o Profissional (2 items)\">Valoriza\u00e7\u00e3o Profissional<\/a><\/p>","protected":false},"excerpt":{"rendered":"","protected":false},"author":1,"featured_media":0,"parent":0,"menu_order":0,"comment_status":"closed","ping_status":"closed","template":"","meta":{"site-sidebar-layout":"default","site-content-layout":"","ast-site-content-layout":"default","site-content-style":"default","site-sidebar-style":"default","ast-global-header-display":"","ast-banner-title-visibility":"","ast-main-header-display":"","ast-hfb-above-header-display":"","ast-hfb-below-header-display":"","ast-hfb-mobile-header-display":"","site-post-title":"","ast-breadcrumbs-content":"","ast-featured-img":"","footer-sml-layout":"","ast-disable-related-posts":"","theme-transparent-header-meta":"","adv-header-id-meta":"","stick-header-meta":"","header-above-stick-meta":"","header-main-stick-meta":"","header-below-stick-meta":"","astra-migrate-meta-layouts":"default","ast-page-background-enabled":"default","ast-page-background-meta":{"desktop":{"background-color":"var(--ast-global-color-5)","background-image":"","background-repeat":"repeat","background-position":"center center","background-size":"auto","background-attachment":"scroll","background-type":"","background-media":"","overlay-type":"","overlay-color":"","overlay-opacity":"","overlay-gradient":""},"tablet":{"background-color":"","background-image":"","background-repeat":"repeat","background-position":"center center","background-size":"auto","background-attachment":"scroll","background-type":"","background-media":"","overlay-type":"","overlay-color":"","overlay-opacity":"","overlay-gradient":""},"mobile":{"background-color":"","background-image":"","background-repeat":"repeat","background-position":"center center","background-size":"auto","background-attachment":"scroll","background-type":"","background-media":"","overlay-type":"","overlay-color":"","overlay-opacity":"","overlay-gradient":""}},"ast-content-background-meta":{"desktop":{"background-color":"var(--ast-global-color-4)","background-image":"","background-repeat":"repeat","background-position":"center center","background-size":"auto","background-attachment":"scroll","background-type":"","background-media":"","overlay-type":"","overlay-color":"","overlay-opacity":"","overlay-gradient":""},"tablet":{"background-color":"var(--ast-global-color-4)","background-image":"","background-repeat":"repeat","background-position":"center center","background-size":"auto","background-attachment":"scroll","background-type":"","background-media":"","overlay-type":"","overlay-color":"","overlay-opacity":"","overlay-gradient":""},"mobile":{"background-color":"var(--ast-global-color-4)","background-image":"","background-repeat":"repeat","background-position":"center center","background-size":"auto","background-attachment":"scroll","background-type":"","background-media":"","overlay-type":"","overlay-color":"","overlay-opacity":"","overlay-gradient":""}},"footnotes":""},"class_list":["post-12","page","type-page","status-publish","hentry"],"yoast_head":"<!-- This site is optimized with the Yoast SEO plugin v26.7 - https:\/\/yoast.com\/wordpress\/plugins\/seo\/ -->\n<title>NOT\u00cdCIAS GCMBH - Sindguardas BH<\/title>\n<meta name=\"robots\" content=\"index, follow, max-snippet:-1, max-image-preview:large, max-video-preview:-1\" \/>\n<link rel=\"canonical\" href=\"https:\/\/sindguardasbh.org.br\/index.php\/noticias\/\" \/>\n<meta property=\"og:locale\" content=\"en_US\" \/>\n<meta property=\"og:type\" content=\"article\" \/>\n<meta property=\"og:title\" content=\"NOT\u00cdCIAS GCMBH - Sindguardas BH\" \/>\n<meta property=\"og:url\" content=\"https:\/\/sindguardasbh.org.br\/index.php\/noticias\/\" \/>\n<meta property=\"og:site_name\" content=\"Sindguardas BH\" \/>\n<meta property=\"article:publisher\" content=\"https:\/\/www.instagram.com\/sindguardasbh\" \/>\n<meta property=\"article:modified_time\" content=\"2026-01-21T17:41:42+00:00\" \/>\n<meta name=\"twitter:card\" content=\"summary_large_image\" \/>\n<script type=\"application\/ld+json\" class=\"yoast-schema-graph\">{\"@context\":\"https:\/\/schema.org\",\"@graph\":[{\"@type\":\"WebPage\",\"@id\":\"https:\/\/sindguardasbh.org.br\/index.php\/noticias\/\",\"url\":\"https:\/\/sindguardasbh.org.br\/index.php\/noticias\/\",\"name\":\"NOT\u00cdCIAS GCMBH - Sindguardas BH\",\"isPartOf\":{\"@id\":\"https:\/\/sindguardasbh.org.br\/#website\"},\"datePublished\":\"2026-01-13T19:53:47+00:00\",\"dateModified\":\"2026-01-21T17:41:42+00:00\",\"breadcrumb\":{\"@id\":\"https:\/\/sindguardasbh.org.br\/index.php\/noticias\/#breadcrumb\"},\"inLanguage\":\"en-US\",\"potentialAction\":[{\"@type\":\"ReadAction\",\"target\":[\"https:\/\/sindguardasbh.org.br\/index.php\/noticias\/\"]}]},{\"@type\":\"BreadcrumbList\",\"@id\":\"https:\/\/sindguardasbh.org.br\/index.php\/noticias\/#breadcrumb\",\"itemListElement\":[{\"@type\":\"ListItem\",\"position\":1,\"name\":\"Home\",\"item\":\"http:\/\/sindguardasbh.org.br\/\"},{\"@type\":\"ListItem\",\"position\":2,\"name\":\"NOT\u00cdCIAS GCMBH\"}]},{\"@type\":\"WebSite\",\"@id\":\"https:\/\/sindguardasbh.org.br\/#website\",\"url\":\"https:\/\/sindguardasbh.org.br\/\",\"name\":\"Sindguardas BH\",\"description\":\"\",\"publisher\":{\"@id\":\"https:\/\/sindguardasbh.org.br\/#organization\"},\"potentialAction\":[{\"@type\":\"SearchAction\",\"target\":{\"@type\":\"EntryPoint\",\"urlTemplate\":\"https:\/\/sindguardasbh.org.br\/?s={search_term_string}\"},\"query-input\":{\"@type\":\"PropertyValueSpecification\",\"valueRequired\":true,\"valueName\":\"search_term_string\"}}],\"inLanguage\":\"en-US\"},{\"@type\":\"Organization\",\"@id\":\"https:\/\/sindguardasbh.org.br\/#organization\",\"name\":\"Sindguardas BH\",\"url\":\"https:\/\/sindguardasbh.org.br\/\",\"logo\":{\"@type\":\"ImageObject\",\"inLanguage\":\"en-US\",\"@id\":\"https:\/\/sindguardasbh.org.br\/#\/schema\/logo\/image\/\",\"url\":\"https:\/\/sindguardasbh.org.br\/wp-content\/uploads\/2026\/01\/cropped-SINDGUARDAS-BH-1.png\",\"contentUrl\":\"https:\/\/sindguardasbh.org.br\/wp-content\/uploads\/2026\/01\/cropped-SINDGUARDAS-BH-1.png\",\"width\":150,\"height\":50,\"caption\":\"Sindguardas BH\"},\"image\":{\"@id\":\"https:\/\/sindguardasbh.org.br\/#\/schema\/logo\/image\/\"},\"sameAs\":[\"https:\/\/www.instagram.com\/sindguardasbh\"]}]}<\/script>\n<!-- \/ Yoast SEO plugin. -->","yoast_head_json":{"title":"NOT\u00cdCIAS GCMBH - Sindguardas BH","robots":{"index":"index","follow":"follow","max-snippet":"max-snippet:-1","max-image-preview":"max-image-preview:large","max-video-preview":"max-video-preview:-1"},"canonical":"https:\/\/sindguardasbh.org.br\/index.php\/noticias\/","og_locale":"en_US","og_type":"article","og_title":"NOT\u00cdCIAS GCMBH - Sindguardas BH","og_url":"https:\/\/sindguardasbh.org.br\/index.php\/noticias\/","og_site_name":"Sindguardas BH","article_publisher":"https:\/\/www.instagram.com\/sindguardasbh","article_modified_time":"2026-01-21T17:41:42+00:00","twitter_card":"summary_large_image","schema":{"@context":"https:\/\/schema.org","@graph":[{"@type":"WebPage","@id":"https:\/\/sindguardasbh.org.br\/index.php\/noticias\/","url":"https:\/\/sindguardasbh.org.br\/index.php\/noticias\/","name":"NOT\u00cdCIAS GCMBH - Sindguardas BH","isPartOf":{"@id":"https:\/\/sindguardasbh.org.br\/#website"},"datePublished":"2026-01-13T19:53:47+00:00","dateModified":"2026-01-21T17:41:42+00:00","breadcrumb":{"@id":"https:\/\/sindguardasbh.org.br\/index.php\/noticias\/#breadcrumb"},"inLanguage":"en-US","potentialAction":[{"@type":"ReadAction","target":["https:\/\/sindguardasbh.org.br\/index.php\/noticias\/"]}]},{"@type":"BreadcrumbList","@id":"https:\/\/sindguardasbh.org.br\/index.php\/noticias\/#breadcrumb","itemListElement":[{"@type":"ListItem","position":1,"name":"Home","item":"http:\/\/sindguardasbh.org.br\/"},{"@type":"ListItem","position":2,"name":"NOT\u00cdCIAS GCMBH"}]},{"@type":"WebSite","@id":"https:\/\/sindguardasbh.org.br\/#website","url":"https:\/\/sindguardasbh.org.br\/","name":"Sindguardas BH","description":"","publisher":{"@id":"https:\/\/sindguardasbh.org.br\/#organization"},"potentialAction":[{"@type":"SearchAction","target":{"@type":"EntryPoint","urlTemplate":"https:\/\/sindguardasbh.org.br\/?s={search_term_string}"},"query-input":{"@type":"PropertyValueSpecification","valueRequired":true,"valueName":"search_term_string"}}],"inLanguage":"en-US"},{"@type":"Organization","@id":"https:\/\/sindguardasbh.org.br\/#organization","name":"Sindguardas BH","url":"https:\/\/sindguardasbh.org.br\/","logo":{"@type":"ImageObject","inLanguage":"en-US","@id":"https:\/\/sindguardasbh.org.br\/#\/schema\/logo\/image\/","url":"https:\/\/sindguardasbh.org.br\/wp-content\/uploads\/2026\/01\/cropped-SINDGUARDAS-BH-1.png","contentUrl":"https:\/\/sindguardasbh.org.br\/wp-content\/uploads\/2026\/01\/cropped-SINDGUARDAS-BH-1.png","width":150,"height":50,"caption":"Sindguardas BH"},"image":{"@id":"https:\/\/sindguardasbh.org.br\/#\/schema\/logo\/image\/"},"sameAs":["https:\/\/www.instagram.com\/sindguardasbh"]}]}},"_links":{"self":[{"href":"https:\/\/sindguardasbh.org.br\/index.php\/wp-json\/wp\/v2\/pages\/12","targetHints":{"allow":["GET"]}}],"collection":[{"href":"https:\/\/sindguardasbh.org.br\/index.php\/wp-json\/wp\/v2\/pages"}],"about":[{"href":"https:\/\/sindguardasbh.org.br\/index.php\/wp-json\/wp\/v2\/types\/page"}],"author":[{"embeddable":true,"href":"https:\/\/sindguardasbh.org.br\/index.php\/wp-json\/wp\/v2\/users\/1"}],"replies":[{"embeddable":true,"href":"https:\/\/sindguardasbh.org.br\/index.php\/wp-json\/wp\/v2\/comments?post=12"}],"version-history":[{"count":7,"href":"https:\/\/sindguardasbh.org.br\/index.php\/wp-json\/wp\/v2\/pages\/12\/revisions"}],"predecessor-version":[{"id":145,"href":"https:\/\/sindguardasbh.org.br\/index.php\/wp-json\/wp\/v2\/pages\/12\/revisions\/145"}],"wp:attachment":[{"href":"https:\/\/sindguardasbh.org.br\/index.php\/wp-json\/wp\/v2\/media?parent=12"}],"curies":[{"name":"wp","href":"https:\/\/api.w.org\/{rel}","templated":true}]}}